{"id":43,"date":"2026-02-17T17:26:59","date_gmt":"2026-02-17T16:26:59","guid":{"rendered":"https:\/\/demo.lesfoulardsrouges.fr\/?page_id=43"},"modified":"2026-02-17T20:33:07","modified_gmt":"2026-02-17T19:33:07","slug":"evenement","status":"publish","type":"page","link":"https:\/\/demo.lesfoulardsrouges.fr\/?page_id=43","title":{"rendered":"\u00c9v\u00e8nement"},"content":{"rendered":"\n<div class=\"wp-block-group alignfull has-global-padding is-layout-constrained wp-block-group-is-layout-constrained\" style=\"margin-top:0;margin-bottom:0;padding-top:var(--wp--preset--spacing--50);padding-bottom:var(--wp--preset--spacing--50)\">\n<div class=\"wp-block-group alignwide is-layout-flow wp-block-group-is-layout-flow\">\n<h2 class=\"wp-block-heading has-custom-color-1-color has-text-color has-link-color wp-elements-23b96f0083ebc895fdb4df45b852aac2\">Actualit\u00e9 r\u00e9cente ou \u00e0 venir :<\/h2>\n\n\n\n<p>Voici quelques-uns des \u00e9v\u00e8nements \u00e0 venir pour 2026<\/p>\n\n\n\n<div class=\"wp-block-group is-layout-flow wp-container-core-group-is-layout-beeb4092 wp-block-group-is-layout-flow\" style=\"margin-top:var(--wp--preset--spacing--70)\">\n<div class=\"wp-block-group is-content-justification-space-between is-layout-flex wp-container-core-group-is-layout-d241c71d wp-block-group-is-layout-flex\" style=\"border-top-color:var(--wp--preset--color--accent-6);border-top-width:1px;padding-top:var(--wp--preset--spacing--40);padding-bottom:var(--wp--preset--spacing--40)\">\n<div class=\"wp-block-group has-global-padding is-layout-constrained wp-block-group-is-layout-constrained\">\n<p>Assembl\u00e9e G\u00e9n\u00e9rale et pr\u00e9paration du p\u00e8lerinage 2026<\/p>\n<\/div>\n\n\n\n<div class=\"wp-block-group is-content-justification-space-between is-layout-flex wp-container-core-group-is-layout-08d6cc0e wp-block-group-is-layout-flex\">\n<p style=\"text-transform:uppercase\">Le dimanche 26 octobre 2025<\/p>\n<\/div>\n<\/div>\n\n\n\n<div class=\"wp-block-group is-content-justification-space-between is-layout-flex wp-container-core-group-is-layout-d241c71d wp-block-group-is-layout-flex\" style=\"border-top-color:var(--wp--preset--color--accent-6);border-top-width:1px;padding-top:var(--wp--preset--spacing--40);padding-bottom:var(--wp--preset--spacing--40)\">\n<div class=\"wp-block-group has-global-padding is-layout-constrained wp-block-group-is-layout-constrained\">\n<p>R\u00e9union de pr\u00e9paration du p\u00e8lerinage 2026<\/p>\n<\/div>\n\n\n\n<div class=\"wp-block-group is-content-justification-space-between is-layout-flex wp-container-core-group-is-layout-08d6cc0e wp-block-group-is-layout-flex\">\n<p style=\"text-transform:uppercase\">Le dimanche 22 f\u00e9vrier 2026<\/p>\n<\/div>\n<\/div>\n\n\n\n<div class=\"wp-block-group is-content-justification-space-between is-layout-flex wp-container-core-group-is-layout-d241c71d wp-block-group-is-layout-flex\" style=\"border-top-color:var(--wp--preset--color--accent-6);border-top-width:1px;padding-top:var(--wp--preset--spacing--40);padding-bottom:var(--wp--preset--spacing--40)\">\n<div class=\"wp-block-group has-global-padding is-layout-constrained wp-block-group-is-layout-constrained\">\n<p>P\u00e8lerinage \u00e0 lourdes avec le dioc\u00e8se de Versailles<\/p>\n<\/div>\n\n\n\n<div class=\"wp-block-group is-content-justification-space-between is-layout-flex wp-container-core-group-is-layout-08d6cc0e wp-block-group-is-layout-flex\">\n<p style=\"text-transform:uppercase\">Du 25 au 30 avril 2026<\/p>\n<\/div>\n<\/div>\n\n\n\n<div class=\"wp-block-group is-content-justification-space-between is-layout-flex wp-container-core-group-is-layout-d241c71d wp-block-group-is-layout-flex\" style=\"border-top-color:var(--wp--preset--color--accent-6);border-top-width:1px;padding-top:var(--wp--preset--spacing--40);padding-bottom:var(--wp--preset--spacing--40)\">\n<div class=\"wp-block-group has-global-padding is-layout-constrained wp-block-group-is-layout-constrained\">\n<p>R\u00e9union pour partager les souvenirs de notre p\u00e8lerinage et pr\u00e9parer la f\u00eate d&rsquo;anniversaire<\/p>\n<\/div>\n\n\n\n<div class=\"wp-block-group is-content-justification-space-between is-layout-flex wp-container-core-group-is-layout-08d6cc0e wp-block-group-is-layout-flex\">\n<p style=\"text-transform:uppercase\">Le dimanche 21 juin 2026<\/p>\n<\/div>\n<\/div>\n\n\n\n<div class=\"wp-block-group is-content-justification-space-between is-layout-flex wp-container-core-group-is-layout-d241c71d wp-block-group-is-layout-flex\" style=\"border-top-color:var(--wp--preset--color--accent-6);border-top-width:1px;padding-top:var(--wp--preset--spacing--40);padding-bottom:var(--wp--preset--spacing--40)\">\n<div class=\"wp-block-group has-global-padding is-layout-constrained wp-block-group-is-layout-constrained\">\n<h3 class=\"wp-block-heading\">Grande f\u00eate pour les 60 ans d&rsquo;existence des Foulards Rouges<\/h3>\n<\/div>\n\n\n\n<div class=\"wp-block-group is-content-justification-space-between is-layout-flex wp-container-core-group-is-layout-08d6cc0e wp-block-group-is-layout-flex\">\n<p style=\"text-transform:uppercase\">Le 18 octobre 2026<\/p>\n<\/div>\n<\/div>\n<\/div>\n<\/div>\n<\/div>\n","protected":false},"excerpt":{"rendered":"<p>Actualit\u00e9 r\u00e9cente ou \u00e0 venir : Voici quelques-uns des \u00e9v\u00e8nements \u00e0 venir pour 2026 Assembl\u00e9e G\u00e9n\u00e9rale et pr\u00e9paration du p\u00e8lerinage 2026 Le dimanche 26 octobre 2025 R\u00e9union de pr\u00e9paration du p\u00e8lerinage 2026 Le dimanche 22 f\u00e9vrier 2026 P\u00e8lerinage \u00e0 lourdes avec le dioc\u00e8se de Versailles Du 25 au 30 avril 2026 R\u00e9union pour partager les [&hellip;]<\/p>\n","protected":false},"author":1,"featured_media":0,"parent":0,"menu_order":0,"comment_status":"closed","ping_status":"closed","template":"","meta":{"footnotes":""},"class_list":["post-43","page","type-page","status-publish","hentry"],"_links":{"self":[{"href":"https:\/\/demo.lesfoulardsrouges.fr\/index.php?rest_route=\/wp\/v2\/pages\/43","targetHints":{"allow":["GET"]}}],"collection":[{"href":"https:\/\/demo.lesfoulardsrouges.fr\/index.php?rest_route=\/wp\/v2\/pages"}],"about":[{"href":"https:\/\/demo.lesfoulardsrouges.fr\/index.php?rest_route=\/wp\/v2\/types\/page"}],"author":[{"embeddable":true,"href":"https:\/\/demo.lesfoulardsrouges.fr\/index.php?rest_route=\/wp\/v2\/users\/1"}],"replies":[{"embeddable":true,"href":"https:\/\/demo.lesfoulardsrouges.fr\/index.php?rest_route=%2Fwp%2Fv2%2Fcomments&post=43"}],"version-history":[{"count":4,"href":"https:\/\/demo.lesfoulardsrouges.fr\/index.php?rest_route=\/wp\/v2\/pages\/43\/revisions"}],"predecessor-version":[{"id":61,"href":"https:\/\/demo.lesfoulardsrouges.fr\/index.php?rest_route=\/wp\/v2\/pages\/43\/revisions\/61"}],"wp:attachment":[{"href":"https:\/\/demo.lesfoulardsrouges.fr\/index.php?rest_route=%2Fwp%2Fv2%2Fmedia&parent=43"}],"curies":[{"name":"wp","href":"https:\/\/api.w.org\/{rel}","templated":true}]}}